{"id":13329,"date":"2026-03-13T19:07:23","date_gmt":"2026-03-13T18:07:23","guid":{"rendered":"https:\/\/cdgolf33.com\/?page_id=13329"},"modified":"2026-04-13T19:28:12","modified_gmt":"2026-04-13T17:28:12","slug":"journee-dames","status":"publish","type":"page","link":"https:\/\/cdgolf33.com\/index.php\/journee-dames\/","title":{"rendered":"Journ\u00e9e Dames"},"content":{"rendered":"<div style=\"max-width: 900px; margin: auto; font-family: Arial, sans-serif; line-height: 1.6; color: #333;\">\n<h1 style=\"text-align: center; color: #2c3e50;\">\u00c9clatant succ\u00e8s pour la \u00ab\u00a0Journ\u00e9e Dames\u00a0\u00bb 2026 \u00e0 Lacanau<\/h1>\n<p style=\"text-align: center; font-style: italic;\">Une journ\u00e9e plac\u00e9e sous le signe du partage, du sport et de la convivialit\u00e9<\/p>\n<hr style=\"margin: 30px 0;\" \/>\n<p>Le jeudi <strong>2 avril 2026<\/strong>, les fairways de <strong>l&rsquo;Ardilouse<\/strong> et de <strong>la M\u00e9janne<\/strong> ont accueilli une \u00e9dition m\u00e9morable de la <strong>Journ\u00e9e Dames<\/strong>.<br \/>\nOrganis\u00e9 par le <strong>Comit\u00e9 de Golf de Gironde<\/strong> en collaboration avec les <strong>Amicales Dames de Lacanau<\/strong>, cet \u00e9v\u00e9nement 100 % f\u00e9minin a rassembl\u00e9<br \/>\n<strong>60 passionn\u00e9es<\/strong> anim\u00e9es par le plaisir du jeu et le partage.<\/p>\n<hr style=\"margin: 30px 0;\" \/>\n<h2><img fetchpriority=\"high\" decoding=\"async\" src=\"https:\/\/cdgolf33.com\/wp-content\/uploads\/2026\/04\/JourneeDames-2026.webp\" alt=\"\" width=\"1996\" height=\"1018\" class=\"aligncenter wp-image-13815 size-full\" srcset=\"https:\/\/cdgolf33.com\/wp-content\/uploads\/2026\/04\/JourneeDames-2026.webp 1996w, https:\/\/cdgolf33.com\/wp-content\/uploads\/2026\/04\/JourneeDames-2026-300x153.webp 300w, https:\/\/cdgolf33.com\/wp-content\/uploads\/2026\/04\/JourneeDames-2026-1024x522.webp 1024w, https:\/\/cdgolf33.com\/wp-content\/uploads\/2026\/04\/JourneeDames-2026-768x392.webp 768w, https:\/\/cdgolf33.com\/wp-content\/uploads\/2026\/04\/JourneeDames-2026-1536x783.webp 1536w\" sizes=\"(max-width: 1996px) 100vw, 1996px\" \/><\/h2>\n<h2 style=\"color: #2c3e50;\">\ud83c\udfcc\ufe0f\u200d\u2640\ufe0f Une participation diversifi\u00e9e<\/h2>\n<p>Le succ\u00e8s de cette \u00e9dition repose sur une belle mixit\u00e9 de provenances :<\/p>\n<ul>\n<li><strong>Lacanau<\/strong> \u00e9tait fi\u00e8rement repr\u00e9sent\u00e9 avec <strong>19 licenci\u00e9es<\/strong> (soit <strong>36 %<\/strong> des effectifs).<\/li>\n<li>D&rsquo;autres clubs girondins ont largement r\u00e9pondu \u00e0 l&rsquo;appel :<\/li>\n<\/ul>\n<ul style=\"columns: 2;\">\n<li><strong>Biscarrosse<\/strong> (11 %)<\/li>\n<li><strong>Gujan<\/strong> (9 %)<\/li>\n<li><strong>Pessac<\/strong> (9 %)<\/li>\n<li><strong>AS Gazelec Girondin<\/strong> (6 %)<\/li>\n<li><strong>Bordeaux Lac<\/strong> (5 %)<\/li>\n<li><strong>Cameyrac<\/strong> (2 %)<\/li>\n<li><strong>Teynac<\/strong> (8 %)<\/li>\n<li><strong>Union Bordeaux M\u00e9tropole<\/strong> (8 %)<\/li>\n<li><strong>Villenave d&rsquo;Ornon<\/strong> (6 %)<\/li>\n<\/ul>\n<hr style=\"margin: 30px 0;\" \/>\n<h2 style=\"color: #2c3e50;\">\u26f3 Le programme de la journ\u00e9e : entre d\u00e9fi et d\u00e9couverte<\/h2>\n<p>D\u00e8s <strong>8h30<\/strong>, les participantes ont \u00e9t\u00e9 accueillies avec un caf\u00e9 et des cadeaux offerts par les partenaires<br \/>\n<strong>DBF Automobiles<\/strong> et <strong>SRIXON<\/strong>.<\/p>\n<p>La matin\u00e9e a \u00e9t\u00e9 adapt\u00e9e \u00e0 tous les profils :<\/p>\n<div style=\"background: #f4f6f7; padding: 15px; border-left: 4px solid #2c3e50; margin-bottom: 20px;\">\n<p><strong>\ud83c\udfc6 Comp\u00e9tition<\/strong><br \/>\nLes joueuses confirm\u00e9es se sont mesur\u00e9es lors de <strong>Match Plays<\/strong> sur le parcours de la M\u00e9janne.<\/p>\n<p><strong>\ud83c\udf31 Initiation<\/strong><br \/>\nUn groupe de <strong>10 d\u00e9butantes<\/strong> a fait ses premiers pas (swings et postures) sous l&rsquo;\u0153il p\u00e9dagogique du professionnel du club<br \/>\net de la joueuse professionnelle <strong>Emma Grechi<\/strong>.<\/p>\n<\/div>\n<p>Apr\u00e8s une pause d\u00e9jeuner conviviale sur la terrasse du <strong>Club-House Birdie<\/strong>, l&rsquo;apr\u00e8s-midi a r\u00e9uni toutes les g\u00e9n\u00e9rations de joueuses<br \/>\npour un <strong>Scramble mixte sur 6 trous<\/strong>, favorisant l&rsquo;entraide entre n\u00e9ophytes et expertes.<\/p>\n<hr style=\"margin: 30px 0;\" \/>\n<h2 style=\"color: #2c3e50;\">\u2b50 Invit\u00e9es de marque et soutiens institutionnels<\/h2>\n<p>L&rsquo;\u00e9v\u00e9nement a \u00e9t\u00e9 marqu\u00e9 par la pr\u00e9sence exceptionnelle d&rsquo;<strong>Emma Grechi<\/strong>, joueuse professionnelle du<br \/>\n<strong>Ladies European Tour (LET)<\/strong>, qui a partag\u00e9 son exp\u00e9rience du haut niveau.<\/p>\n<p><strong>Isabelle Doret<\/strong>, Pr\u00e9sidente du Comit\u00e9 de Gironde, et <strong>Mailys (Ugolf)<\/strong> \u00e9taient \u00e9galement pr\u00e9sentes pour encourager<br \/>\nle d\u00e9veloppement du golf f\u00e9minin dans le d\u00e9partement.<\/p>\n<hr style=\"margin: 30px 0;\" \/>\n<h2 style=\"color: #2c3e50;\">\ud83d\udcca Un bilan plus que positif<\/h2>\n<p>La journ\u00e9e s&rsquo;est achev\u00e9e par une remise de prix g\u00e9n\u00e9reusement dot\u00e9e par <strong>UGOLF<\/strong>, suivie d&rsquo;un cocktail de cl\u00f4ture.<\/p>\n<ul>\n<li><strong>95 % de taux de satisfaction<\/strong><\/li>\n<li><strong>Plus de 10 participantes<\/strong> (d\u00e9butantes et confirm\u00e9es) ont d\u00e9j\u00e0 manifest\u00e9 leur int\u00e9r\u00eat pour les offres de poursuite de l&rsquo;activit\u00e9 propos\u00e9es par Ugolf<\/li>\n<\/ul>\n<blockquote style=\"margin: 30px 0; padding: 20px; background: #ecf0f1; border-left: 5px solid #2c3e50; font-style: italic;\"><p>\u00ab\u00a0Cette journ\u00e9e est une parenth\u00e8se d&rsquo;exception plac\u00e9e sous le signe du partage,\u00a0\u00bb<\/p>\n<p><strong>\u2014 Isabelle Doret<\/strong><\/p><\/blockquote>\n<p style=\"text-align: right; font-weight: bold;\">L&rsquo;\u00c9quipe d&rsquo;Organisation du Comit\u00e9<br \/>\net les Amicales Dames de Lacanau<\/p>\n<div class=\"wp-playlist wp-video-playlist wp-playlist-light\">\n\t\t<video controls=\"controls\" preload=\"none\" width=\"728\"\n\t\t height=\"412\"\t><\/video>\n\t<div class=\"wp-playlist-next\"><\/div>\n\t<div class=\"wp-playlist-prev\"><\/div>\n\t<noscript>\n\t<ol>\n\t\t<li><a href='https:\/\/cdgolf33.com\/wp-content\/uploads\/2026\/04\/WhatsApp-Video-2026-04-12-at-22.21.32.mp4'>Diaporama des photos de la journ\u00e9e Dames 2026<\/a><\/li>\t<\/ol>\n\t<\/noscript>\n\t<script type=\"application\/json\" class=\"wp-playlist-script\">{\"type\":\"video\",\"tracklist\":true,\"tracknumbers\":true,\"images\":true,\"artists\":true,\"tracks\":[{\"src\":\"https:\/\/cdgolf33.com\/wp-content\/uploads\/2026\/04\/WhatsApp-Video-2026-04-12-at-22.21.32.mp4\",\"type\":\"video\/mp4\",\"title\":\"Diaporama des photos de la journ\\u00e9e Dames 2026\",\"caption\":\"\",\"description\":\"\",\"meta\":{\"length_formatted\":\"3:06\"},\"dimensions\":{\"original\":{\"width\":848,\"height\":480},\"resized\":{\"width\":728,\"height\":412}},\"image\":{\"src\":\"https:\/\/cdgolf33.com\/wp-includes\/images\/media\/video.svg\",\"width\":48,\"height\":64},\"thumb\":{\"src\":\"https:\/\/cdgolf33.com\/wp-includes\/images\/media\/video.svg\",\"width\":48,\"height\":64}}]}<\/script>\n<\/div>\n\t\n<\/div>\n","protected":false},"excerpt":{"rendered":"<p>\u00c9clatant succ\u00e8s pour la \u00ab\u00a0Journ\u00e9e Dames\u00a0\u00bb 2026 \u00e0 Lacanau Une journ\u00e9e plac\u00e9e sous le signe du partage, du sport et de la convivialit\u00e9 Le jeudi 2 avril 2026, les fairways de l&rsquo;Ardilouse et de la M\u00e9janne ont accueilli une \u00e9dition m\u00e9morable de la Journ\u00e9e Dames. Organis\u00e9 par le Comit\u00e9 de [&hellip;]<\/p>\n","protected":false},"author":1,"featured_media":0,"parent":0,"menu_order":0,"comment_status":"closed","ping_status":"closed","template":"","meta":{"footnotes":""},"class_list":["post-13329","page","type-page","status-publish","hentry"],"yoast_head":"<!-- This site is optimized with the Yoast SEO plugin v27.5 - https:\/\/yoast.com\/product\/yoast-seo-wordpress\/ -->\n<title>Journ\u00e9e Dames - Comit\u00e9 D\u00e9partemental de Golf de Gironde<\/title>\n<meta name=\"robots\" content=\"index, follow, max-snippet:-1, max-image-preview:large, max-video-preview:-1\" \/>\n<link rel=\"canonical\" href=\"https:\/\/cdgolf33.com\/index.php\/journee-dames\/\" \/>\n<meta property=\"og:locale\" content=\"fr_FR\" \/>\n<meta property=\"og:type\" content=\"article\" \/>\n<meta property=\"og:title\" content=\"Journ\u00e9e Dames - Comit\u00e9 D\u00e9partemental de Golf de Gironde\" \/>\n<meta property=\"og:description\" content=\"\u00c9clatant succ\u00e8s pour la \u00ab\u00a0Journ\u00e9e Dames\u00a0\u00bb 2026 \u00e0 Lacanau Une journ\u00e9e plac\u00e9e sous le signe du partage, du sport et de la convivialit\u00e9 Le jeudi 2 avril 2026, les fairways de l&rsquo;Ardilouse et de la M\u00e9janne ont accueilli une \u00e9dition m\u00e9morable de la Journ\u00e9e Dames. Organis\u00e9 par le Comit\u00e9 de [&hellip;]\" \/>\n<meta property=\"og:url\" content=\"https:\/\/cdgolf33.com\/index.php\/journee-dames\/\" \/>\n<meta property=\"og:site_name\" content=\"Comit\u00e9 D\u00e9partemental de Golf de Gironde\" \/>\n<meta property=\"article:modified_time\" content=\"2026-04-13T17:28:12+00:00\" \/>\n<meta property=\"og:image\" content=\"https:\/\/cdgolf33.com\/wp-content\/uploads\/2026\/04\/JourneeDames-2026.webp\" \/>\n\t<meta property=\"og:image:width\" content=\"1996\" \/>\n\t<meta property=\"og:image:height\" content=\"1018\" \/>\n\t<meta property=\"og:image:type\" content=\"image\/jpeg\" \/>\n<meta name=\"twitter:card\" content=\"summary_large_image\" \/>\n<meta name=\"twitter:site\" content=\"@comitegolf33\" \/>\n<meta name=\"twitter:label1\" content=\"Dur\u00e9e de lecture estim\u00e9e\" \/>\n\t<meta name=\"twitter:data1\" content=\"3 minutes\" \/>\n<script type=\"application\/ld+json\" class=\"yoast-schema-graph\">{\"@context\":\"https:\\\/\\\/schema.org\",\"@graph\":[{\"@type\":\"WebPage\",\"@id\":\"https:\\\/\\\/cdgolf33.com\\\/index.php\\\/journee-dames\\\/\",\"url\":\"https:\\\/\\\/cdgolf33.com\\\/index.php\\\/journee-dames\\\/\",\"name\":\"Journ\u00e9e Dames - Comit\u00e9 D\u00e9partemental de Golf de Gironde\",\"isPartOf\":{\"@id\":\"https:\\\/\\\/cdgolf33.com\\\/#website\"},\"primaryImageOfPage\":{\"@id\":\"https:\\\/\\\/cdgolf33.com\\\/index.php\\\/journee-dames\\\/#primaryimage\"},\"image\":{\"@id\":\"https:\\\/\\\/cdgolf33.com\\\/index.php\\\/journee-dames\\\/#primaryimage\"},\"thumbnailUrl\":\"https:\\\/\\\/cdgolf33.com\\\/wp-content\\\/uploads\\\/2026\\\/04\\\/JourneeDames-2026.webp\",\"datePublished\":\"2026-03-13T18:07:23+00:00\",\"dateModified\":\"2026-04-13T17:28:12+00:00\",\"breadcrumb\":{\"@id\":\"https:\\\/\\\/cdgolf33.com\\\/index.php\\\/journee-dames\\\/#breadcrumb\"},\"inLanguage\":\"fr-FR\",\"potentialAction\":[{\"@type\":\"ReadAction\",\"target\":[\"https:\\\/\\\/cdgolf33.com\\\/index.php\\\/journee-dames\\\/\"]}]},{\"@type\":\"ImageObject\",\"inLanguage\":\"fr-FR\",\"@id\":\"https:\\\/\\\/cdgolf33.com\\\/index.php\\\/journee-dames\\\/#primaryimage\",\"url\":\"https:\\\/\\\/cdgolf33.com\\\/wp-content\\\/uploads\\\/2026\\\/04\\\/JourneeDames-2026.webp\",\"contentUrl\":\"https:\\\/\\\/cdgolf33.com\\\/wp-content\\\/uploads\\\/2026\\\/04\\\/JourneeDames-2026.webp\",\"width\":1996,\"height\":1018},{\"@type\":\"BreadcrumbList\",\"@id\":\"https:\\\/\\\/cdgolf33.com\\\/index.php\\\/journee-dames\\\/#breadcrumb\",\"itemListElement\":[{\"@type\":\"ListItem\",\"position\":1,\"name\":\"Accueil\",\"item\":\"https:\\\/\\\/cdgolf33.com\\\/\"},{\"@type\":\"ListItem\",\"position\":2,\"name\":\"Journ\u00e9e Dames\"}]},{\"@type\":\"WebSite\",\"@id\":\"https:\\\/\\\/cdgolf33.com\\\/#website\",\"url\":\"https:\\\/\\\/cdgolf33.com\\\/\",\"name\":\"Comit\u00e9 D\u00e9partemental de Golf de Gironde\",\"description\":\"Le Comit\u00e9 de Gironde de Golf vous souhaite la bienvenue sur son site !\",\"publisher\":{\"@id\":\"https:\\\/\\\/cdgolf33.com\\\/#organization\"},\"potentialAction\":[{\"@type\":\"SearchAction\",\"target\":{\"@type\":\"EntryPoint\",\"urlTemplate\":\"https:\\\/\\\/cdgolf33.com\\\/?s={search_term_string}\"},\"query-input\":{\"@type\":\"PropertyValueSpecification\",\"valueRequired\":true,\"valueName\":\"search_term_string\"}}],\"inLanguage\":\"fr-FR\"},{\"@type\":\"Organization\",\"@id\":\"https:\\\/\\\/cdgolf33.com\\\/#organization\",\"name\":\"Comit\u00e9 de Golf de Gironde\",\"url\":\"https:\\\/\\\/cdgolf33.com\\\/\",\"logo\":{\"@type\":\"ImageObject\",\"inLanguage\":\"fr-FR\",\"@id\":\"https:\\\/\\\/cdgolf33.com\\\/#\\\/schema\\\/logo\\\/image\\\/\",\"url\":\"https:\\\/\\\/cdgolf33.com\\\/wp-content\\\/uploads\\\/2019\\\/05\\\/LOGOCD33.jpg\",\"contentUrl\":\"https:\\\/\\\/cdgolf33.com\\\/wp-content\\\/uploads\\\/2019\\\/05\\\/LOGOCD33.jpg\",\"width\":220,\"height\":233,\"caption\":\"Comit\u00e9 de Golf de Gironde\"},\"image\":{\"@id\":\"https:\\\/\\\/cdgolf33.com\\\/#\\\/schema\\\/logo\\\/image\\\/\"},\"sameAs\":[\"https:\\\/\\\/x.com\\\/comitegolf33\"]}]}<\/script>\n<!-- \/ Yoast SEO plugin. -->","yoast_head_json":{"title":"Journ\u00e9e Dames - Comit\u00e9 D\u00e9partemental de Golf de Gironde","robots":{"index":"index","follow":"follow","max-snippet":"max-snippet:-1","max-image-preview":"max-image-preview:large","max-video-preview":"max-video-preview:-1"},"canonical":"https:\/\/cdgolf33.com\/index.php\/journee-dames\/","og_locale":"fr_FR","og_type":"article","og_title":"Journ\u00e9e Dames - Comit\u00e9 D\u00e9partemental de Golf de Gironde","og_description":"\u00c9clatant succ\u00e8s pour la \u00ab\u00a0Journ\u00e9e Dames\u00a0\u00bb 2026 \u00e0 Lacanau Une journ\u00e9e plac\u00e9e sous le signe du partage, du sport et de la convivialit\u00e9 Le jeudi 2 avril 2026, les fairways de l&rsquo;Ardilouse et de la M\u00e9janne ont accueilli une \u00e9dition m\u00e9morable de la Journ\u00e9e Dames. Organis\u00e9 par le Comit\u00e9 de [&hellip;]","og_url":"https:\/\/cdgolf33.com\/index.php\/journee-dames\/","og_site_name":"Comit\u00e9 D\u00e9partemental de Golf de Gironde","article_modified_time":"2026-04-13T17:28:12+00:00","og_image":[{"width":1996,"height":1018,"url":"https:\/\/cdgolf33.com\/wp-content\/uploads\/2026\/04\/JourneeDames-2026.webp","type":"image\/jpeg"}],"twitter_card":"summary_large_image","twitter_site":"@comitegolf33","twitter_misc":{"Dur\u00e9e de lecture estim\u00e9e":"3 minutes"},"schema":{"@context":"https:\/\/schema.org","@graph":[{"@type":"WebPage","@id":"https:\/\/cdgolf33.com\/index.php\/journee-dames\/","url":"https:\/\/cdgolf33.com\/index.php\/journee-dames\/","name":"Journ\u00e9e Dames - Comit\u00e9 D\u00e9partemental de Golf de Gironde","isPartOf":{"@id":"https:\/\/cdgolf33.com\/#website"},"primaryImageOfPage":{"@id":"https:\/\/cdgolf33.com\/index.php\/journee-dames\/#primaryimage"},"image":{"@id":"https:\/\/cdgolf33.com\/index.php\/journee-dames\/#primaryimage"},"thumbnailUrl":"https:\/\/cdgolf33.com\/wp-content\/uploads\/2026\/04\/JourneeDames-2026.webp","datePublished":"2026-03-13T18:07:23+00:00","dateModified":"2026-04-13T17:28:12+00:00","breadcrumb":{"@id":"https:\/\/cdgolf33.com\/index.php\/journee-dames\/#breadcrumb"},"inLanguage":"fr-FR","potentialAction":[{"@type":"ReadAction","target":["https:\/\/cdgolf33.com\/index.php\/journee-dames\/"]}]},{"@type":"ImageObject","inLanguage":"fr-FR","@id":"https:\/\/cdgolf33.com\/index.php\/journee-dames\/#primaryimage","url":"https:\/\/cdgolf33.com\/wp-content\/uploads\/2026\/04\/JourneeDames-2026.webp","contentUrl":"https:\/\/cdgolf33.com\/wp-content\/uploads\/2026\/04\/JourneeDames-2026.webp","width":1996,"height":1018},{"@type":"BreadcrumbList","@id":"https:\/\/cdgolf33.com\/index.php\/journee-dames\/#breadcrumb","itemListElement":[{"@type":"ListItem","position":1,"name":"Accueil","item":"https:\/\/cdgolf33.com\/"},{"@type":"ListItem","position":2,"name":"Journ\u00e9e Dames"}]},{"@type":"WebSite","@id":"https:\/\/cdgolf33.com\/#website","url":"https:\/\/cdgolf33.com\/","name":"Comit\u00e9 D\u00e9partemental de Golf de Gironde","description":"Le Comit\u00e9 de Gironde de Golf vous souhaite la bienvenue sur son site !","publisher":{"@id":"https:\/\/cdgolf33.com\/#organization"},"potentialAction":[{"@type":"SearchAction","target":{"@type":"EntryPoint","urlTemplate":"https:\/\/cdgolf33.com\/?s={search_term_string}"},"query-input":{"@type":"PropertyValueSpecification","valueRequired":true,"valueName":"search_term_string"}}],"inLanguage":"fr-FR"},{"@type":"Organization","@id":"https:\/\/cdgolf33.com\/#organization","name":"Comit\u00e9 de Golf de Gironde","url":"https:\/\/cdgolf33.com\/","logo":{"@type":"ImageObject","inLanguage":"fr-FR","@id":"https:\/\/cdgolf33.com\/#\/schema\/logo\/image\/","url":"https:\/\/cdgolf33.com\/wp-content\/uploads\/2019\/05\/LOGOCD33.jpg","contentUrl":"https:\/\/cdgolf33.com\/wp-content\/uploads\/2019\/05\/LOGOCD33.jpg","width":220,"height":233,"caption":"Comit\u00e9 de Golf de Gironde"},"image":{"@id":"https:\/\/cdgolf33.com\/#\/schema\/logo\/image\/"},"sameAs":["https:\/\/x.com\/comitegolf33"]}]}},"_links":{"self":[{"href":"https:\/\/cdgolf33.com\/index.php\/wp-json\/wp\/v2\/pages\/13329","targetHints":{"allow":["GET"]}}],"collection":[{"href":"https:\/\/cdgolf33.com\/index.php\/wp-json\/wp\/v2\/pages"}],"about":[{"href":"https:\/\/cdgolf33.com\/index.php\/wp-json\/wp\/v2\/types\/page"}],"author":[{"embeddable":true,"href":"https:\/\/cdgolf33.com\/index.php\/wp-json\/wp\/v2\/users\/1"}],"replies":[{"embeddable":true,"href":"https:\/\/cdgolf33.com\/index.php\/wp-json\/wp\/v2\/comments?post=13329"}],"version-history":[{"count":19,"href":"https:\/\/cdgolf33.com\/index.php\/wp-json\/wp\/v2\/pages\/13329\/revisions"}],"predecessor-version":[{"id":13818,"href":"https:\/\/cdgolf33.com\/index.php\/wp-json\/wp\/v2\/pages\/13329\/revisions\/13818"}],"wp:attachment":[{"href":"https:\/\/cdgolf33.com\/index.php\/wp-json\/wp\/v2\/media?parent=13329"}],"curies":[{"name":"wp","href":"https:\/\/api.w.org\/{rel}","templated":true}]}}