{"id":2554,"date":"2016-10-12T15:31:18","date_gmt":"2016-10-12T14:31:18","guid":{"rendered":"http:\/\/www.cdgolf33.com\/?page_id=2554"},"modified":"2016-10-12T15:31:18","modified_gmt":"2016-10-12T14:31:18","slug":"championnat-de-gironde-des-jeunes-2015","status":"publish","type":"page","link":"https:\/\/cdgolf33.com\/index.php\/championnat-de-gironde-des-jeunes-2015\/","title":{"rendered":"Championnat de Gironde des Jeunes 2015"},"content":{"rendered":"<p style=\"text-align: center;\"><strong>Palmar\u00e8s 2015<\/strong><\/p>\n<p>&nbsp;<\/p>\n<p>&#8211; <strong>U12<\/strong> (moins de 13 ans)<br \/>\n<span style=\"color: #ffffff;\">xxxxxxx<\/span>&#8211; T1 le Dimanche 04 Octobre\u00a0\u00e0 TEYNAC\u00a0\u00a0 \u2192\u00a0<strong><a href=\"http:\/\/www.cdgolf33.com\/wp-content\/uploads\/2015\/10\/2015-16-Chpt33-U12-resultats-Teynac.pdf\" target=\"_blank\" rel=\"noopener noreferrer\">R\u00e9sultats<\/a><\/strong><br \/>\n<span style=\"color: #ffffff;\">xxxxxxx<\/span>&#8211; T2 le Dimanche 18 Octobre au golf des GRAVES &amp; SAUTERNAIS\u00a0 \u2192 <strong><a href=\"http:\/\/www.cdgolf33.com\/wp-content\/uploads\/2015\/10\/2015-16-Chpt33-U12-resultats-Langon.pdf\" target=\"_blank\" rel=\"noopener noreferrer\">R\u00e9sultats<\/a><\/strong><\/p>\n<p><span style=\"color: #ffffff;\">xxxxxxx<span style=\"color: #000000;\">Champions de Gironde U12 :<\/span><br \/>\n<\/span><span style=\"color: #ffffff;\"><span style=\"color: #000000;\"><span style=\"color: #ffffff;\">xxxxxxx<\/span> &#8211; <strong>L\u00e9a TEULIER<\/strong> (M\u00e9doc)<br \/>\n<span style=\"color: #ffffff;\">xxxxxxx<\/span> &#8211;\u00a0<strong>Thomas BUISSON<\/strong> (Arcachon)<br \/>\n<span style=\"color: #ffffff;\">xxxxxxxxx<\/span> \u2192\u00a0 <strong><a href=\"http:\/\/www.cdgolf33.com\/wp-content\/uploads\/2015\/10\/2015-2016_ChamptGironde_U12_classt.pdf\" target=\"_blank\" rel=\"noopener noreferrer\">Classement final<\/a>\u00a0\u00a0<\/strong><\/span><\/span><\/p>\n<p style=\"text-align: center;\"><span style=\"color: #ffffff;\"><span style=\"color: #000000;\"><strong><a href=\"http:\/\/www.cdgolf33.com\/wp-content\/uploads\/2015\/10\/2015_ChampGironde_U12.jpg\"><img fetchpriority=\"high\" decoding=\"async\" class=\"size-medium wp-image-1953 aligncenter\" src=\"http:\/\/www.cdgolf33.com\/wp-content\/uploads\/2015\/10\/2015_ChampGironde_U12-225x300.jpg\" alt=\"podium U12\" width=\"225\" height=\"300\" srcset=\"https:\/\/cdgolf33.com\/wp-content\/uploads\/2015\/10\/2015_ChampGironde_U12-225x300.jpg 225w, https:\/\/cdgolf33.com\/wp-content\/uploads\/2015\/10\/2015_ChampGironde_U12.jpg 480w\" sizes=\"(max-width: 225px) 100vw, 225px\" \/><\/a><\/strong>le podium des U12<\/span><\/span><\/p>\n<p style=\"text-align: left;\"><span style=\"color: #ffffff;\"><span style=\"color: #000000;\"><strong><br \/>\n<\/strong><\/span><\/span>&#8211;\u00a0<strong>U14<\/strong> (Benjamins) <strong>et U16<\/strong> (Minimes)<br \/>\n<span style=\"color: #ffffff;\">xxxxxxx<\/span>&#8211; T1 le Dimanche 08 Novembre \u00e0 CAMEYRAC\u00a0 \u2192 <strong><a href=\"http:\/\/www.cdgolf33.com\/wp-content\/uploads\/2015\/11\/2015-16_Chpt33_BEN-MIN_resultats_T1_Cameyrac.pdf\" target=\"_blank\" rel=\"noopener noreferrer\">R\u00e9sultats<\/a><\/strong><br \/>\n<span style=\"color: #ffffff;\">xxxxxxx<\/span>&#8211; T2 le Dimanche 22 Novembre\u00a0\u00e0 ARCACHON<strong>\u00a0 \u2192 <a href=\"http:\/\/www.cdgolf33.com\/wp-content\/uploads\/2015\/12\/2015-16_Chpt33_BEN-MIN_resultats_T2_Arcachon.pdf\" target=\"_blank\" rel=\"noopener noreferrer\">R\u00e9sultats<\/a><\/strong><\/p>\n<p style=\"text-align: left;\"><strong>\u00a0<span style=\"color: #ffffff;\">xxxxxx<\/span><\/strong><span style=\"color: #ffffff;\"><span style=\"color: #000000;\">Champions de Gironde U14 :<br \/>\n<\/span><\/span><span style=\"color: #ffffff;\">xxxxxxx<\/span> &#8211; <strong>Victoria POUCAN <\/strong>(Lacanau)<br \/>\n<span style=\"color: #ffffff;\">xxxxxxx <\/span>&#8211;\u00a0<strong>Martin TROCHU<\/strong> (Arcachon)<strong><br \/>\n<\/strong><span style=\"color: #ffffff;\">xxxxxxx\u00a0 <\/span>Champions de Gironde U16 :<strong><br \/>\n<\/strong><span style=\"color: #ffffff;\">xxxxxxx <\/span>&#8211; <strong>Eva ESNOL <\/strong>(Bordelais)<br \/>\n<span style=\"color: #ffffff;\">xxxxxxx <span style=\"color: #000000;\">&#8211;<\/span><\/span><strong> Matthieu TAICLET<\/strong> (Bordeaux Lac)<strong><br \/>\n<span style=\"color: #ffffff;\">xxxxxxxxx<\/span> \u2192\u00a0 <a href=\"http:\/\/www.cdgolf33.com\/wp-content\/uploads\/2015\/12\/2015-16_Chpt33_BEN-MIN_classement.pdf\" target=\"_blank\" rel=\"noopener noreferrer\">classement final<\/a><br \/>\n<\/strong><\/p>\n<p style=\"text-align: center;\"><a href=\"http:\/\/www.cdgolf33.com\/wp-content\/uploads\/2016\/02\/2016_champGironde_U16.jpg\"><img decoding=\"async\" class=\"size-medium wp-image-2092 aligncenter\" src=\"http:\/\/www.cdgolf33.com\/wp-content\/uploads\/2016\/02\/2016_champGironde_U16-300x214.jpg\" alt=\"2016_champGironde_U16\" width=\"300\" height=\"214\" srcset=\"https:\/\/cdgolf33.com\/wp-content\/uploads\/2016\/02\/2016_champGironde_U16-300x214.jpg 300w, https:\/\/cdgolf33.com\/wp-content\/uploads\/2016\/02\/2016_champGironde_U16-768x548.jpg 768w, https:\/\/cdgolf33.com\/wp-content\/uploads\/2016\/02\/2016_champGironde_U16-1024x731.jpg 1024w, https:\/\/cdgolf33.com\/wp-content\/uploads\/2016\/02\/2016_champGironde_U16.jpg 1117w\" sizes=\"(max-width: 300px) 100vw, 300px\" \/><\/a>le podium des U14 et U16<\/p>\n<p style=\"text-align: center;\">\n<p style=\"text-align: right;\">\u2192 <strong><a href=\"http:\/\/www.cdgolf33.com\/jeunes\/championnat-de-gironde\/\">retour<\/a><\/strong><\/p>\n<p><span style=\"color: #000000;\">\u00a0\u00a0<strong>\u00a0\u00a0<\/strong><\/span>\t\t<\/p>\n","protected":false},"excerpt":{"rendered":"<p>Palmar\u00e8s 2015 &nbsp; &#8211; U12 (moins de 13 ans) xxxxxxx&#8211; T1 le Dimanche 04 Octobre\u00a0\u00e0 TEYNAC\u00a0\u00a0 \u2192\u00a0R\u00e9sultats xxxxxxx&#8211; T2 le Dimanche 18 Octobre au golf des GRAVES &amp; SAUTERNAIS\u00a0 \u2192 R\u00e9sultats xxxxxxxChampions de Gironde U12 : xxxxxxx &#8211; L\u00e9a TEULIER (M\u00e9doc) xxxxxxx &#8211;\u00a0Thomas BUISSON (Arcachon) xxxxxxxxx \u2192\u00a0 Classement final\u00a0\u00a0 le [&hellip;]<\/p>\n","protected":false},"author":1,"featured_media":0,"parent":0,"menu_order":0,"comment_status":"closed","ping_status":"closed","template":"","meta":{"footnotes":""},"class_list":["post-2554","page","type-page","status-publish","hentry"],"yoast_head":"<!-- This site is optimized with the Yoast SEO plugin v27.5 - https:\/\/yoast.com\/product\/yoast-seo-wordpress\/ -->\n<title>Championnat de Gironde des Jeunes 2015 - Comit\u00e9 D\u00e9partemental de Golf de Gironde<\/title>\n<meta name=\"robots\" content=\"index, follow, max-snippet:-1, max-image-preview:large, max-video-preview:-1\" \/>\n<link rel=\"canonical\" href=\"https:\/\/cdgolf33.com\/index.php\/championnat-de-gironde-des-jeunes-2015\/\" \/>\n<meta property=\"og:locale\" content=\"fr_FR\" \/>\n<meta property=\"og:type\" content=\"article\" \/>\n<meta property=\"og:title\" content=\"Championnat de Gironde des Jeunes 2015 - Comit\u00e9 D\u00e9partemental de Golf de Gironde\" \/>\n<meta property=\"og:description\" content=\"Palmar\u00e8s 2015 &nbsp; &#8211; U12 (moins de 13 ans) xxxxxxx&#8211; T1 le Dimanche 04 Octobre\u00a0\u00e0 TEYNAC\u00a0\u00a0 \u2192\u00a0R\u00e9sultats xxxxxxx&#8211; T2 le Dimanche 18 Octobre au golf des GRAVES &amp; SAUTERNAIS\u00a0 \u2192 R\u00e9sultats xxxxxxxChampions de Gironde U12 : xxxxxxx &#8211; L\u00e9a TEULIER (M\u00e9doc) xxxxxxx &#8211;\u00a0Thomas BUISSON (Arcachon) xxxxxxxxx \u2192\u00a0 Classement final\u00a0\u00a0 le [&hellip;]\" \/>\n<meta property=\"og:url\" content=\"https:\/\/cdgolf33.com\/index.php\/championnat-de-gironde-des-jeunes-2015\/\" \/>\n<meta property=\"og:site_name\" content=\"Comit\u00e9 D\u00e9partemental de Golf de Gironde\" \/>\n<meta property=\"og:image\" content=\"http:\/\/www.cdgolf33.com\/wp-content\/uploads\/2015\/10\/2015_ChampGironde_U12-225x300.jpg\" \/>\n<meta name=\"twitter:card\" content=\"summary_large_image\" \/>\n<meta name=\"twitter:site\" content=\"@comitegolf33\" \/>\n<meta name=\"twitter:label1\" content=\"Dur\u00e9e de lecture estim\u00e9e\" \/>\n\t<meta name=\"twitter:data1\" content=\"1 minute\" \/>\n<script type=\"application\/ld+json\" class=\"yoast-schema-graph\">{\"@context\":\"https:\\\/\\\/schema.org\",\"@graph\":[{\"@type\":\"WebPage\",\"@id\":\"https:\\\/\\\/cdgolf33.com\\\/index.php\\\/championnat-de-gironde-des-jeunes-2015\\\/\",\"url\":\"https:\\\/\\\/cdgolf33.com\\\/index.php\\\/championnat-de-gironde-des-jeunes-2015\\\/\",\"name\":\"Championnat de Gironde des Jeunes 2015 - Comit\u00e9 D\u00e9partemental de Golf de Gironde\",\"isPartOf\":{\"@id\":\"https:\\\/\\\/cdgolf33.com\\\/#website\"},\"primaryImageOfPage\":{\"@id\":\"https:\\\/\\\/cdgolf33.com\\\/index.php\\\/championnat-de-gironde-des-jeunes-2015\\\/#primaryimage\"},\"image\":{\"@id\":\"https:\\\/\\\/cdgolf33.com\\\/index.php\\\/championnat-de-gironde-des-jeunes-2015\\\/#primaryimage\"},\"thumbnailUrl\":\"http:\\\/\\\/www.cdgolf33.com\\\/wp-content\\\/uploads\\\/2015\\\/10\\\/2015_ChampGironde_U12-225x300.jpg\",\"datePublished\":\"2016-10-12T14:31:18+00:00\",\"breadcrumb\":{\"@id\":\"https:\\\/\\\/cdgolf33.com\\\/index.php\\\/championnat-de-gironde-des-jeunes-2015\\\/#breadcrumb\"},\"inLanguage\":\"fr-FR\",\"potentialAction\":[{\"@type\":\"ReadAction\",\"target\":[\"https:\\\/\\\/cdgolf33.com\\\/index.php\\\/championnat-de-gironde-des-jeunes-2015\\\/\"]}]},{\"@type\":\"ImageObject\",\"inLanguage\":\"fr-FR\",\"@id\":\"https:\\\/\\\/cdgolf33.com\\\/index.php\\\/championnat-de-gironde-des-jeunes-2015\\\/#primaryimage\",\"url\":\"http:\\\/\\\/www.cdgolf33.com\\\/wp-content\\\/uploads\\\/2015\\\/10\\\/2015_ChampGironde_U12-225x300.jpg\",\"contentUrl\":\"http:\\\/\\\/www.cdgolf33.com\\\/wp-content\\\/uploads\\\/2015\\\/10\\\/2015_ChampGironde_U12-225x300.jpg\"},{\"@type\":\"BreadcrumbList\",\"@id\":\"https:\\\/\\\/cdgolf33.com\\\/index.php\\\/championnat-de-gironde-des-jeunes-2015\\\/#breadcrumb\",\"itemListElement\":[{\"@type\":\"ListItem\",\"position\":1,\"name\":\"Accueil\",\"item\":\"https:\\\/\\\/cdgolf33.com\\\/\"},{\"@type\":\"ListItem\",\"position\":2,\"name\":\"Championnat de Gironde des Jeunes 2015\"}]},{\"@type\":\"WebSite\",\"@id\":\"https:\\\/\\\/cdgolf33.com\\\/#website\",\"url\":\"https:\\\/\\\/cdgolf33.com\\\/\",\"name\":\"Comit\u00e9 D\u00e9partemental de Golf de Gironde\",\"description\":\"Le Comit\u00e9 de Gironde de Golf vous souhaite la bienvenue sur son site !\",\"publisher\":{\"@id\":\"https:\\\/\\\/cdgolf33.com\\\/#organization\"},\"potentialAction\":[{\"@type\":\"SearchAction\",\"target\":{\"@type\":\"EntryPoint\",\"urlTemplate\":\"https:\\\/\\\/cdgolf33.com\\\/?s={search_term_string}\"},\"query-input\":{\"@type\":\"PropertyValueSpecification\",\"valueRequired\":true,\"valueName\":\"search_term_string\"}}],\"inLanguage\":\"fr-FR\"},{\"@type\":\"Organization\",\"@id\":\"https:\\\/\\\/cdgolf33.com\\\/#organization\",\"name\":\"Comit\u00e9 de Golf de Gironde\",\"url\":\"https:\\\/\\\/cdgolf33.com\\\/\",\"logo\":{\"@type\":\"ImageObject\",\"inLanguage\":\"fr-FR\",\"@id\":\"https:\\\/\\\/cdgolf33.com\\\/#\\\/schema\\\/logo\\\/image\\\/\",\"url\":\"https:\\\/\\\/cdgolf33.com\\\/wp-content\\\/uploads\\\/2019\\\/05\\\/LOGOCD33.jpg\",\"contentUrl\":\"https:\\\/\\\/cdgolf33.com\\\/wp-content\\\/uploads\\\/2019\\\/05\\\/LOGOCD33.jpg\",\"width\":220,\"height\":233,\"caption\":\"Comit\u00e9 de Golf de Gironde\"},\"image\":{\"@id\":\"https:\\\/\\\/cdgolf33.com\\\/#\\\/schema\\\/logo\\\/image\\\/\"},\"sameAs\":[\"https:\\\/\\\/x.com\\\/comitegolf33\"]}]}<\/script>\n<!-- \/ Yoast SEO plugin. -->","yoast_head_json":{"title":"Championnat de Gironde des Jeunes 2015 - Comit\u00e9 D\u00e9partemental de Golf de Gironde","robots":{"index":"index","follow":"follow","max-snippet":"max-snippet:-1","max-image-preview":"max-image-preview:large","max-video-preview":"max-video-preview:-1"},"canonical":"https:\/\/cdgolf33.com\/index.php\/championnat-de-gironde-des-jeunes-2015\/","og_locale":"fr_FR","og_type":"article","og_title":"Championnat de Gironde des Jeunes 2015 - Comit\u00e9 D\u00e9partemental de Golf de Gironde","og_description":"Palmar\u00e8s 2015 &nbsp; &#8211; U12 (moins de 13 ans) xxxxxxx&#8211; T1 le Dimanche 04 Octobre\u00a0\u00e0 TEYNAC\u00a0\u00a0 \u2192\u00a0R\u00e9sultats xxxxxxx&#8211; T2 le Dimanche 18 Octobre au golf des GRAVES &amp; SAUTERNAIS\u00a0 \u2192 R\u00e9sultats xxxxxxxChampions de Gironde U12 : xxxxxxx &#8211; L\u00e9a TEULIER (M\u00e9doc) xxxxxxx &#8211;\u00a0Thomas BUISSON (Arcachon) xxxxxxxxx \u2192\u00a0 Classement final\u00a0\u00a0 le [&hellip;]","og_url":"https:\/\/cdgolf33.com\/index.php\/championnat-de-gironde-des-jeunes-2015\/","og_site_name":"Comit\u00e9 D\u00e9partemental de Golf de Gironde","og_image":[{"url":"http:\/\/www.cdgolf33.com\/wp-content\/uploads\/2015\/10\/2015_ChampGironde_U12-225x300.jpg","type":"","width":"","height":""}],"twitter_card":"summary_large_image","twitter_site":"@comitegolf33","twitter_misc":{"Dur\u00e9e de lecture estim\u00e9e":"1 minute"},"schema":{"@context":"https:\/\/schema.org","@graph":[{"@type":"WebPage","@id":"https:\/\/cdgolf33.com\/index.php\/championnat-de-gironde-des-jeunes-2015\/","url":"https:\/\/cdgolf33.com\/index.php\/championnat-de-gironde-des-jeunes-2015\/","name":"Championnat de Gironde des Jeunes 2015 - Comit\u00e9 D\u00e9partemental de Golf de Gironde","isPartOf":{"@id":"https:\/\/cdgolf33.com\/#website"},"primaryImageOfPage":{"@id":"https:\/\/cdgolf33.com\/index.php\/championnat-de-gironde-des-jeunes-2015\/#primaryimage"},"image":{"@id":"https:\/\/cdgolf33.com\/index.php\/championnat-de-gironde-des-jeunes-2015\/#primaryimage"},"thumbnailUrl":"http:\/\/www.cdgolf33.com\/wp-content\/uploads\/2015\/10\/2015_ChampGironde_U12-225x300.jpg","datePublished":"2016-10-12T14:31:18+00:00","breadcrumb":{"@id":"https:\/\/cdgolf33.com\/index.php\/championnat-de-gironde-des-jeunes-2015\/#breadcrumb"},"inLanguage":"fr-FR","potentialAction":[{"@type":"ReadAction","target":["https:\/\/cdgolf33.com\/index.php\/championnat-de-gironde-des-jeunes-2015\/"]}]},{"@type":"ImageObject","inLanguage":"fr-FR","@id":"https:\/\/cdgolf33.com\/index.php\/championnat-de-gironde-des-jeunes-2015\/#primaryimage","url":"http:\/\/www.cdgolf33.com\/wp-content\/uploads\/2015\/10\/2015_ChampGironde_U12-225x300.jpg","contentUrl":"http:\/\/www.cdgolf33.com\/wp-content\/uploads\/2015\/10\/2015_ChampGironde_U12-225x300.jpg"},{"@type":"BreadcrumbList","@id":"https:\/\/cdgolf33.com\/index.php\/championnat-de-gironde-des-jeunes-2015\/#breadcrumb","itemListElement":[{"@type":"ListItem","position":1,"name":"Accueil","item":"https:\/\/cdgolf33.com\/"},{"@type":"ListItem","position":2,"name":"Championnat de Gironde des Jeunes 2015"}]},{"@type":"WebSite","@id":"https:\/\/cdgolf33.com\/#website","url":"https:\/\/cdgolf33.com\/","name":"Comit\u00e9 D\u00e9partemental de Golf de Gironde","description":"Le Comit\u00e9 de Gironde de Golf vous souhaite la bienvenue sur son site !","publisher":{"@id":"https:\/\/cdgolf33.com\/#organization"},"potentialAction":[{"@type":"SearchAction","target":{"@type":"EntryPoint","urlTemplate":"https:\/\/cdgolf33.com\/?s={search_term_string}"},"query-input":{"@type":"PropertyValueSpecification","valueRequired":true,"valueName":"search_term_string"}}],"inLanguage":"fr-FR"},{"@type":"Organization","@id":"https:\/\/cdgolf33.com\/#organization","name":"Comit\u00e9 de Golf de Gironde","url":"https:\/\/cdgolf33.com\/","logo":{"@type":"ImageObject","inLanguage":"fr-FR","@id":"https:\/\/cdgolf33.com\/#\/schema\/logo\/image\/","url":"https:\/\/cdgolf33.com\/wp-content\/uploads\/2019\/05\/LOGOCD33.jpg","contentUrl":"https:\/\/cdgolf33.com\/wp-content\/uploads\/2019\/05\/LOGOCD33.jpg","width":220,"height":233,"caption":"Comit\u00e9 de Golf de Gironde"},"image":{"@id":"https:\/\/cdgolf33.com\/#\/schema\/logo\/image\/"},"sameAs":["https:\/\/x.com\/comitegolf33"]}]}},"_links":{"self":[{"href":"https:\/\/cdgolf33.com\/index.php\/wp-json\/wp\/v2\/pages\/2554","targetHints":{"allow":["GET"]}}],"collection":[{"href":"https:\/\/cdgolf33.com\/index.php\/wp-json\/wp\/v2\/pages"}],"about":[{"href":"https:\/\/cdgolf33.com\/index.php\/wp-json\/wp\/v2\/types\/page"}],"author":[{"embeddable":true,"href":"https:\/\/cdgolf33.com\/index.php\/wp-json\/wp\/v2\/users\/1"}],"replies":[{"embeddable":true,"href":"https:\/\/cdgolf33.com\/index.php\/wp-json\/wp\/v2\/comments?post=2554"}],"version-history":[{"count":0,"href":"https:\/\/cdgolf33.com\/index.php\/wp-json\/wp\/v2\/pages\/2554\/revisions"}],"wp:attachment":[{"href":"https:\/\/cdgolf33.com\/index.php\/wp-json\/wp\/v2\/media?parent=2554"}],"curies":[{"name":"wp","href":"https:\/\/api.w.org\/{rel}","templated":true}]}}